{"id":2091,"date":"2023-01-01T13:18:00","date_gmt":"2023-01-01T12:18:00","guid":{"rendered":"https:\/\/theatre-la-bicyclette.fr\/?post_type=spectacle&#038;p=2091"},"modified":"2023-04-15T14:50:52","modified_gmt":"2023-04-15T12:50:52","slug":"comment-jai-mange-mon-coeur","status":"publish","type":"spectacle","link":"https:\/\/theatre-la-bicyclette.fr\/index.php\/spectacle\/comment-jai-mange-mon-coeur\/","title":{"rendered":"Comment j&#8217;ai mang\u00e9 mon c\u0153ur"},"featured_media":2242,"template":"","acteur":[76],"auteur":[74],"type_billetterie":[],"cadre":[],"compagnie":[52],"date_de_la_representation":[107],"descriptif-du-spectacle":[],"duree":[75],"genre":[77],"metteur_en_scene":[104,72],"piece-jointe":[],"public":[66],"temporalite":[108],"affiche":[],"helloasso":[],"tarif":[],"billetterie":[],"class_list":["post-2091","spectacle","type-spectacle","status-publish","has-post-thumbnail","hentry","acteur-les-eleves-des-ateliers","auteur-damien-dutrait","compagnie-ateliers-de-la-bicyclette","date_de_la_representation-14-fevrier-2023","duree-1h00","genre-traite-musical","metteur_en_scene-anais-assemat-2","metteur_en_scene-christine-demogue","public-apartirde14ans","temporalite-passe-2"],"acf":[],"yoast_head":"<!-- This site is optimized with the Yoast SEO plugin v27.5 - https:\/\/yoast.com\/product\/yoast-seo-wordpress\/ -->\n<title>Comment j&#039;ai mang\u00e9 mon c\u0153ur - Th\u00e9\u00e2tre de la Bicyclette<\/title>\n<meta name=\"robots\" content=\"index, follow, max-snippet:-1, max-image-preview:large, max-video-preview:-1\" \/>\n<link rel=\"canonical\" href=\"https:\/\/theatre-la-bicyclette.fr\/index.php\/spectacle\/comment-jai-mange-mon-coeur\/\" \/>\n<meta property=\"og:locale\" content=\"fr_FR\" \/>\n<meta property=\"og:type\" content=\"article\" \/>\n<meta property=\"og:title\" content=\"Comment j&#039;ai mang\u00e9 mon c\u0153ur - Th\u00e9\u00e2tre de la Bicyclette\" \/>\n<meta property=\"og:description\" content=\"Le th\u00e9\u00e2tre de la Bicyclette a le plaisir de vous inviter \u00e0 d\u00e9couvrir le travail des \u00e9l\u00e8ves de chant et de th\u00e9\u00e2tre de Christine Demogue et Ana\u00efs Assemat. Lecture musicale de Comment j&#039;ai mang\u00e9 mon c\u0153ur, une pi\u00e8ce de Damien Dutrait. Infos pratiques: 19h30 ouverture du bar 20h00 d\u00e9but du spectacle Prix libre Adh\u00e9sion asso pour ceux qui ne sont pas encore adh\u00e9rent prix libre.  Copyright: Illustration S\u00e9verine Bancelin.\" \/>\n<meta property=\"og:url\" content=\"https:\/\/theatre-la-bicyclette.fr\/index.php\/spectacle\/comment-jai-mange-mon-coeur\/\" \/>\n<meta property=\"og:site_name\" content=\"Th\u00e9\u00e2tre de la Bicyclette\" \/>\n<meta property=\"article:publisher\" content=\"https:\/\/www.facebook.com\/profile.php?id=100086652006023\" \/>\n<meta property=\"article:modified_time\" content=\"2023-04-15T12:50:52+00:00\" \/>\n<meta property=\"og:image\" content=\"https:\/\/theatre-la-bicyclette.fr\/wp-content\/uploads\/2023\/01\/Mange-coeur-894x1024.png\" \/>\n\t<meta property=\"og:image:width\" content=\"894\" \/>\n\t<meta property=\"og:image:height\" content=\"1024\" \/>\n\t<meta property=\"og:image:type\" content=\"image\/png\" \/>\n<meta name=\"twitter:card\" content=\"summary_large_image\" \/>\n<meta name=\"twitter:label1\" content=\"Dur\u00e9e de lecture estim\u00e9e\" \/>\n\t<meta name=\"twitter:data1\" content=\"1 minute\" \/>\n<script type=\"application\/ld+json\" class=\"yoast-schema-graph\">{\"@context\":\"https:\\\/\\\/schema.org\",\"@graph\":[{\"@type\":\"WebPage\",\"@id\":\"https:\\\/\\\/theatre-la-bicyclette.fr\\\/index.php\\\/spectacle\\\/comment-jai-mange-mon-coeur\\\/\",\"url\":\"https:\\\/\\\/theatre-la-bicyclette.fr\\\/index.php\\\/spectacle\\\/comment-jai-mange-mon-coeur\\\/\",\"name\":\"Comment j'ai mang\u00e9 mon c\u0153ur - Th\u00e9\u00e2tre de la Bicyclette\",\"isPartOf\":{\"@id\":\"https:\\\/\\\/theatre-la-bicyclette.fr\\\/#website\"},\"primaryImageOfPage\":{\"@id\":\"https:\\\/\\\/theatre-la-bicyclette.fr\\\/index.php\\\/spectacle\\\/comment-jai-mange-mon-coeur\\\/#primaryimage\"},\"image\":{\"@id\":\"https:\\\/\\\/theatre-la-bicyclette.fr\\\/index.php\\\/spectacle\\\/comment-jai-mange-mon-coeur\\\/#primaryimage\"},\"thumbnailUrl\":\"https:\\\/\\\/theatre-la-bicyclette.fr\\\/wp-content\\\/uploads\\\/2024\\\/11\\\/Mange-coeur-e1673707873843.png\",\"datePublished\":\"2023-01-01T12:18:00+00:00\",\"dateModified\":\"2023-04-15T12:50:52+00:00\",\"inLanguage\":\"fr-FR\",\"potentialAction\":[{\"@type\":\"ReadAction\",\"target\":[\"https:\\\/\\\/theatre-la-bicyclette.fr\\\/index.php\\\/spectacle\\\/comment-jai-mange-mon-coeur\\\/\"]}]},{\"@type\":\"ImageObject\",\"inLanguage\":\"fr-FR\",\"@id\":\"https:\\\/\\\/theatre-la-bicyclette.fr\\\/index.php\\\/spectacle\\\/comment-jai-mange-mon-coeur\\\/#primaryimage\",\"url\":\"https:\\\/\\\/theatre-la-bicyclette.fr\\\/wp-content\\\/uploads\\\/2024\\\/11\\\/Mange-coeur-e1673707873843.png\",\"contentUrl\":\"https:\\\/\\\/theatre-la-bicyclette.fr\\\/wp-content\\\/uploads\\\/2024\\\/11\\\/Mange-coeur-e1673707873843.png\",\"width\":600,\"height\":600},{\"@type\":\"WebSite\",\"@id\":\"https:\\\/\\\/theatre-la-bicyclette.fr\\\/#website\",\"url\":\"https:\\\/\\\/theatre-la-bicyclette.fr\\\/\",\"name\":\"Th\u00e9\u00e2tre de la Bicyclette\",\"description\":\"La petite reine des arts au c\u0153ur de Lod\u00e8ve.\",\"publisher\":{\"@id\":\"https:\\\/\\\/theatre-la-bicyclette.fr\\\/#organization\"},\"potentialAction\":[{\"@type\":\"SearchAction\",\"target\":{\"@type\":\"EntryPoint\",\"urlTemplate\":\"https:\\\/\\\/theatre-la-bicyclette.fr\\\/?s={search_term_string}\"},\"query-input\":{\"@type\":\"PropertyValueSpecification\",\"valueRequired\":true,\"valueName\":\"search_term_string\"}}],\"inLanguage\":\"fr-FR\"},{\"@type\":\"Organization\",\"@id\":\"https:\\\/\\\/theatre-la-bicyclette.fr\\\/#organization\",\"name\":\"Th\u00e9\u00e2tre de la Bicyclette\",\"url\":\"https:\\\/\\\/theatre-la-bicyclette.fr\\\/\",\"logo\":{\"@type\":\"ImageObject\",\"inLanguage\":\"fr-FR\",\"@id\":\"https:\\\/\\\/theatre-la-bicyclette.fr\\\/#\\\/schema\\\/logo\\\/image\\\/\",\"url\":\"https:\\\/\\\/theatre-la-bicyclette.fr\\\/wp-content\\\/uploads\\\/2023\\\/01\\\/logo-e1674724130978.png\",\"contentUrl\":\"https:\\\/\\\/theatre-la-bicyclette.fr\\\/wp-content\\\/uploads\\\/2023\\\/01\\\/logo-e1674724130978.png\",\"width\":200,\"height\":200,\"caption\":\"Th\u00e9\u00e2tre de la Bicyclette\"},\"image\":{\"@id\":\"https:\\\/\\\/theatre-la-bicyclette.fr\\\/#\\\/schema\\\/logo\\\/image\\\/\"},\"sameAs\":[\"https:\\\/\\\/www.facebook.com\\\/profile.php?id=100086652006023\"]}]}<\/script>\n<!-- \/ Yoast SEO plugin. -->","yoast_head_json":{"title":"Comment j'ai mang\u00e9 mon c\u0153ur - Th\u00e9\u00e2tre de la Bicyclette","robots":{"index":"index","follow":"follow","max-snippet":"max-snippet:-1","max-image-preview":"max-image-preview:large","max-video-preview":"max-video-preview:-1"},"canonical":"https:\/\/theatre-la-bicyclette.fr\/index.php\/spectacle\/comment-jai-mange-mon-coeur\/","og_locale":"fr_FR","og_type":"article","og_title":"Comment j'ai mang\u00e9 mon c\u0153ur - Th\u00e9\u00e2tre de la Bicyclette","og_description":"Le th\u00e9\u00e2tre de la Bicyclette a le plaisir de vous inviter \u00e0 d\u00e9couvrir le travail des \u00e9l\u00e8ves de chant et de th\u00e9\u00e2tre de Christine Demogue et Ana\u00efs Assemat. Lecture musicale de Comment j'ai mang\u00e9 mon c\u0153ur, une pi\u00e8ce de Damien Dutrait. Infos pratiques: 19h30 ouverture du bar 20h00 d\u00e9but du spectacle Prix libre Adh\u00e9sion asso pour ceux qui ne sont pas encore adh\u00e9rent prix libre.  Copyright: Illustration S\u00e9verine Bancelin.","og_url":"https:\/\/theatre-la-bicyclette.fr\/index.php\/spectacle\/comment-jai-mange-mon-coeur\/","og_site_name":"Th\u00e9\u00e2tre de la Bicyclette","article_publisher":"https:\/\/www.facebook.com\/profile.php?id=100086652006023","article_modified_time":"2023-04-15T12:50:52+00:00","og_image":[{"width":894,"height":1024,"url":"https:\/\/theatre-la-bicyclette.fr\/wp-content\/uploads\/2023\/01\/Mange-coeur-894x1024.png","type":"image\/png"}],"twitter_card":"summary_large_image","twitter_misc":{"Dur\u00e9e de lecture estim\u00e9e":"1 minute"},"schema":{"@context":"https:\/\/schema.org","@graph":[{"@type":"WebPage","@id":"https:\/\/theatre-la-bicyclette.fr\/index.php\/spectacle\/comment-jai-mange-mon-coeur\/","url":"https:\/\/theatre-la-bicyclette.fr\/index.php\/spectacle\/comment-jai-mange-mon-coeur\/","name":"Comment j'ai mang\u00e9 mon c\u0153ur - Th\u00e9\u00e2tre de la Bicyclette","isPartOf":{"@id":"https:\/\/theatre-la-bicyclette.fr\/#website"},"primaryImageOfPage":{"@id":"https:\/\/theatre-la-bicyclette.fr\/index.php\/spectacle\/comment-jai-mange-mon-coeur\/#primaryimage"},"image":{"@id":"https:\/\/theatre-la-bicyclette.fr\/index.php\/spectacle\/comment-jai-mange-mon-coeur\/#primaryimage"},"thumbnailUrl":"https:\/\/theatre-la-bicyclette.fr\/wp-content\/uploads\/2024\/11\/Mange-coeur-e1673707873843.png","datePublished":"2023-01-01T12:18:00+00:00","dateModified":"2023-04-15T12:50:52+00:00","inLanguage":"fr-FR","potentialAction":[{"@type":"ReadAction","target":["https:\/\/theatre-la-bicyclette.fr\/index.php\/spectacle\/comment-jai-mange-mon-coeur\/"]}]},{"@type":"ImageObject","inLanguage":"fr-FR","@id":"https:\/\/theatre-la-bicyclette.fr\/index.php\/spectacle\/comment-jai-mange-mon-coeur\/#primaryimage","url":"https:\/\/theatre-la-bicyclette.fr\/wp-content\/uploads\/2024\/11\/Mange-coeur-e1673707873843.png","contentUrl":"https:\/\/theatre-la-bicyclette.fr\/wp-content\/uploads\/2024\/11\/Mange-coeur-e1673707873843.png","width":600,"height":600},{"@type":"WebSite","@id":"https:\/\/theatre-la-bicyclette.fr\/#website","url":"https:\/\/theatre-la-bicyclette.fr\/","name":"Th\u00e9\u00e2tre de la Bicyclette","description":"La petite reine des arts au c\u0153ur de Lod\u00e8ve.","publisher":{"@id":"https:\/\/theatre-la-bicyclette.fr\/#organization"},"potentialAction":[{"@type":"SearchAction","target":{"@type":"EntryPoint","urlTemplate":"https:\/\/theatre-la-bicyclette.fr\/?s={search_term_string}"},"query-input":{"@type":"PropertyValueSpecification","valueRequired":true,"valueName":"search_term_string"}}],"inLanguage":"fr-FR"},{"@type":"Organization","@id":"https:\/\/theatre-la-bicyclette.fr\/#organization","name":"Th\u00e9\u00e2tre de la Bicyclette","url":"https:\/\/theatre-la-bicyclette.fr\/","logo":{"@type":"ImageObject","inLanguage":"fr-FR","@id":"https:\/\/theatre-la-bicyclette.fr\/#\/schema\/logo\/image\/","url":"https:\/\/theatre-la-bicyclette.fr\/wp-content\/uploads\/2023\/01\/logo-e1674724130978.png","contentUrl":"https:\/\/theatre-la-bicyclette.fr\/wp-content\/uploads\/2023\/01\/logo-e1674724130978.png","width":200,"height":200,"caption":"Th\u00e9\u00e2tre de la Bicyclette"},"image":{"@id":"https:\/\/theatre-la-bicyclette.fr\/#\/schema\/logo\/image\/"},"sameAs":["https:\/\/www.facebook.com\/profile.php?id=100086652006023"]}]}},"_links":{"self":[{"href":"https:\/\/theatre-la-bicyclette.fr\/index.php\/wp-json\/wp\/v2\/spectacle\/2091","targetHints":{"allow":["GET"]}}],"collection":[{"href":"https:\/\/theatre-la-bicyclette.fr\/index.php\/wp-json\/wp\/v2\/spectacle"}],"about":[{"href":"https:\/\/theatre-la-bicyclette.fr\/index.php\/wp-json\/wp\/v2\/types\/spectacle"}],"wp:featuredmedia":[{"embeddable":true,"href":"https:\/\/theatre-la-bicyclette.fr\/index.php\/wp-json\/wp\/v2\/media\/2242"}],"wp:attachment":[{"href":"https:\/\/theatre-la-bicyclette.fr\/index.php\/wp-json\/wp\/v2\/media?parent=2091"}],"wp:term":[{"taxonomy":"acteur","embeddable":true,"href":"https:\/\/theatre-la-bicyclette.fr\/index.php\/wp-json\/wp\/v2\/acteur?post=2091"},{"taxonomy":"auteur","embeddable":true,"href":"https:\/\/theatre-la-bicyclette.fr\/index.php\/wp-json\/wp\/v2\/auteur?post=2091"},{"taxonomy":"type_billetterie","embeddable":true,"href":"https:\/\/theatre-la-bicyclette.fr\/index.php\/wp-json\/wp\/v2\/type_billetterie?post=2091"},{"taxonomy":"cadre","embeddable":true,"href":"https:\/\/theatre-la-bicyclette.fr\/index.php\/wp-json\/wp\/v2\/cadre?post=2091"},{"taxonomy":"compagnie","embeddable":true,"href":"https:\/\/theatre-la-bicyclette.fr\/index.php\/wp-json\/wp\/v2\/compagnie?post=2091"},{"taxonomy":"date_de_la_representation","embeddable":true,"href":"https:\/\/theatre-la-bicyclette.fr\/index.php\/wp-json\/wp\/v2\/date_de_la_representation?post=2091"},{"taxonomy":"descriptif-du-spectacle","embeddable":true,"href":"https:\/\/theatre-la-bicyclette.fr\/index.php\/wp-json\/wp\/v2\/descriptif-du-spectacle?post=2091"},{"taxonomy":"duree","embeddable":true,"href":"https:\/\/theatre-la-bicyclette.fr\/index.php\/wp-json\/wp\/v2\/duree?post=2091"},{"taxonomy":"genre","embeddable":true,"href":"https:\/\/theatre-la-bicyclette.fr\/index.php\/wp-json\/wp\/v2\/genre?post=2091"},{"taxonomy":"metteur_en_scene","embeddable":true,"href":"https:\/\/theatre-la-bicyclette.fr\/index.php\/wp-json\/wp\/v2\/metteur_en_scene?post=2091"},{"taxonomy":"piece-jointe","embeddable":true,"href":"https:\/\/theatre-la-bicyclette.fr\/index.php\/wp-json\/wp\/v2\/piece-jointe?post=2091"},{"taxonomy":"public","embeddable":true,"href":"https:\/\/theatre-la-bicyclette.fr\/index.php\/wp-json\/wp\/v2\/public?post=2091"},{"taxonomy":"temporalite","embeddable":true,"href":"https:\/\/theatre-la-bicyclette.fr\/index.php\/wp-json\/wp\/v2\/temporalite?post=2091"},{"taxonomy":"affiche","embeddable":true,"href":"https:\/\/theatre-la-bicyclette.fr\/index.php\/wp-json\/wp\/v2\/affiche?post=2091"},{"taxonomy":"helloasso","embeddable":true,"href":"https:\/\/theatre-la-bicyclette.fr\/index.php\/wp-json\/wp\/v2\/helloasso?post=2091"},{"taxonomy":"tarif","embeddable":true,"href":"https:\/\/theatre-la-bicyclette.fr\/index.php\/wp-json\/wp\/v2\/tarif?post=2091"},{"taxonomy":"billetterie","embeddable":true,"href":"https:\/\/theatre-la-bicyclette.fr\/index.php\/wp-json\/wp\/v2\/billetterie?post=2091"}],"curies":[{"name":"wp","href":"https:\/\/api.w.org\/{rel}","templated":true}]}}